{"id":620,"date":"2025-09-23T13:07:38","date_gmt":"2025-09-23T13:07:38","guid":{"rendered":"https:\/\/cv2go.no\/fr\/cv-template\/project-management-resume-template-for-professional-leaders\/"},"modified":"2025-09-23T13:07:39","modified_gmt":"2025-09-23T13:07:39","slug":"modele-de-cv-pour-gestion-de-projet-pour-leaders-professionnels","status":"publish","type":"cv_template","link":"https:\/\/cv2go.no\/fr\/cv-template\/modele-de-cv-pour-gestion-de-projet-pour-leaders-professionnels\/","title":{"rendered":"Mod\u00e8le de CV pour Gestion Projet Leaders Professionnels \u2013 Compatible ATS"},"content":{"rendered":"\n<p>Le mod\u00e8le de CV pour la Gestion de Projet est con\u00e7u pour les professionnels cherchant \u00e0 avancer dans leur carri\u00e8re en gestion de projet. Destin\u00e9 \u00e0 mettre en lumi\u00e8re les comp\u00e9tences de leadership, les accomplissements de projets et l&rsquo;expertise sectorielle, ce CV est id\u00e9al pour les chefs de projet, les coordinateurs et les professionnels dans tout secteur n\u00e9cessitant une supervision de projet. La mise en page propre et professionnelle assure que votre progression de carri\u00e8re, vos r\u00e9alisations et vos comp\u00e9tences sont clairement pr\u00e9sent\u00e9es, facilitant pour les recruteurs l&rsquo;\u00e9valuation de votre ad\u00e9quation pour des r\u00f4les de leadership.<\/p>\n\n\n\n<p>Le mod\u00e8le inclut des sections pour l&rsquo;exp\u00e9rience professionnelle, les certifications, les comp\u00e9tences et un r\u00e9sum\u00e9 professionnel, offrant une vue compl\u00e8te de vos qualifications. En mettant l&rsquo;accent sur des m\u00e9triques telles que les taux d&rsquo;ach\u00e8vement de projets, la gestion budg\u00e9taire et le leadership d&rsquo;\u00e9quipe, ce mod\u00e8le met en avant votre capacit\u00e9 \u00e0 mener des projets vers le succ\u00e8s. Que vous postuliez pour un r\u00f4le dans la construction, l&rsquo;informatique, le marketing ou un autre domaine, ce CV vous aidera \u00e0 transmettre efficacement votre expertise en gestion de projet.<\/p>\n","protected":false},"excerpt":{"rendered":"<p>Parfait pour gestion projet leaders professionnels, ce mod\u00e8le de CV  est enti\u00e8rement personnalisable et compatible ATS. T\u00e9l\u00e9chargez-le au format Word ou PDF pour mettre en avant vos comp\u00e9tences, votre exp\u00e9rience et votre formation.<\/p>\n","protected":false},"author":2,"featured_media":622,"menu_order":0,"template":"","format":"standard","meta":{"_acf_changed":false,"site-sidebar-layout":"default","site-content-layout":"","ast-site-content-layout":"default","site-content-style":"default","site-sidebar-style":"default","ast-global-header-display":"","ast-banner-title-visibility":"","ast-main-header-display":"","ast-hfb-above-header-display":"","ast-hfb-below-header-display":"","ast-hfb-mobile-header-display":"","site-post-title":"","ast-breadcrumbs-content":"","ast-featured-img":"","footer-sml-layout":"","ast-disable-related-posts":"","theme-transparent-header-meta":"","adv-header-id-meta":"","stick-header-meta":"","header-above-stick-meta":"","header-main-stick-meta":"","header-below-stick-meta":"","astra-migrate-meta-layouts":"set","ast-page-background-enabled":"default","ast-page-background-meta":{"desktop":{"background-color":"","background-image":"","background-repeat":"repeat","background-position":"center center","background-size":"auto","background-attachment":"scroll","background-type":"","background-media":"","overlay-type":"","overlay-color":"","overlay-opacity":"","overlay-gradient":""},"tablet":{"background-color":"","background-image":"","background-repeat":"repeat","background-position":"center center","background-size":"auto","background-attachment":"scroll","background-type":"","background-media":"","overlay-type":"","overlay-color":"","overlay-opacity":"","overlay-gradient":""},"mobile":{"background-color":"","background-image":"","background-repeat":"repeat","background-position":"center center","background-size":"auto","background-attachment":"scroll","background-type":"","background-media":"","overlay-type":"","overlay-color":"","overlay-opacity":"","overlay-gradient":""}},"ast-content-background-meta":{"desktop":{"background-color":"var(--ast-global-color-5)","background-image":"","background-repeat":"repeat","background-position":"center center","background-size":"auto","background-attachment":"scroll","background-type":"","background-media":"","overlay-type":"","overlay-color":"","overlay-opacity":"","overlay-gradient":""},"tablet":{"background-color":"var(--ast-global-color-5)","background-image":"","background-repeat":"repeat","background-position":"center center","background-size":"auto","background-attachment":"scroll","background-type":"","background-media":"","overlay-type":"","overlay-color":"","overlay-opacity":"","overlay-gradient":""},"mobile":{"background-color":"var(--ast-global-color-5)","background-image":"","background-repeat":"repeat","background-position":"center center","background-size":"auto","background-attachment":"scroll","background-type":"","background-media":"","overlay-type":"","overlay-color":"","overlay-opacity":"","overlay-gradient":""}},"footnotes":""},"categories":[],"tags":[27],"cv-type":[],"class_list":["post-620","cv_template","type-cv_template","status-publish","format-standard","has-post-thumbnail","hentry","tag-management"],"acf":[],"_links":{"self":[{"href":"https:\/\/cv2go.no\/fr\/wp-json\/wp\/v2\/cv_template\/620","targetHints":{"allow":["GET"]}}],"collection":[{"href":"https:\/\/cv2go.no\/fr\/wp-json\/wp\/v2\/cv_template"}],"about":[{"href":"https:\/\/cv2go.no\/fr\/wp-json\/wp\/v2\/types\/cv_template"}],"author":[{"embeddable":true,"href":"https:\/\/cv2go.no\/fr\/wp-json\/wp\/v2\/users\/2"}],"version-history":[{"count":0,"href":"https:\/\/cv2go.no\/fr\/wp-json\/wp\/v2\/cv_template\/620\/revisions"}],"wp:featuredmedia":[{"embeddable":true,"href":"https:\/\/cv2go.no\/fr\/wp-json\/wp\/v2\/media\/622"}],"wp:attachment":[{"href":"https:\/\/cv2go.no\/fr\/wp-json\/wp\/v2\/media?parent=620"}],"wp:term":[{"taxonomy":"category","embeddable":true,"href":"https:\/\/cv2go.no\/fr\/wp-json\/wp\/v2\/categories?post=620"},{"taxonomy":"post_tag","embeddable":true,"href":"https:\/\/cv2go.no\/fr\/wp-json\/wp\/v2\/tags?post=620"},{"taxonomy":"cv-type","embeddable":true,"href":"https:\/\/cv2go.no\/fr\/wp-json\/wp\/v2\/cv-type?post=620"}],"curies":[{"name":"wp","href":"https:\/\/api.w.org\/{rel}","templated":true}]}}