{"id":608,"date":"2025-09-23T13:33:16","date_gmt":"2025-09-23T13:33:16","guid":{"rendered":"https:\/\/cv2go.no\/fr\/cv-template\/attorney-resume-template-for-legal-professionals\/"},"modified":"2025-09-23T13:33:17","modified_gmt":"2025-09-23T13:33:17","slug":"modele-de-cv-pour-avocats-pour-professionnels-du-droit","status":"publish","type":"cv_template","link":"https:\/\/cv2go.no\/fr\/cv-template\/modele-de-cv-pour-avocats-pour-professionnels-du-droit\/","title":{"rendered":"Mod\u00e8le de CV pour Avocats Professionnels Droit \u2013 Compatible ATS"},"content":{"rendered":"\n<p>Le mod\u00e8le de CV pour Avocats est con\u00e7u pour les professionnels du droit d\u00e9sireux de pr\u00e9senter leurs qualifications, leur exp\u00e9rience et leurs comp\u00e9tences de mani\u00e8re claire et percutante. Son design structur\u00e9 et professionnel est id\u00e9al pour les avocats, conseillers juridiques ou toute personne poursuivant un r\u00f4le dans le domaine juridique. Ce CV vous aide \u00e0 mettre efficacement en avant votre expertise juridique, votre exp\u00e9rience devant les tribunaux et vos domaines de sp\u00e9cialisation sp\u00e9cifiques, en faisant une ressource pr\u00e9cieuse pour les candidatures \u00e0 travers les cabinets d&rsquo;avocats, les d\u00e9partements juridiques d&rsquo;entreprises ou les postes dans le secteur public.<\/p>\n\n\n\n<p>Ce mod\u00e8le comporte des sections distinctes pour l&rsquo;exp\u00e9rience juridique, l&rsquo;\u00e9ducation, les certifications et les comp\u00e9tences cl\u00e9s, vous permettant de pr\u00e9senter une image compl\u00e8te de vos qualifications. Que vous soyez sp\u00e9cialis\u00e9 en droit des soci\u00e9t\u00e9s, en contentieux, en droit de la famille ou dans un autre domaine, ce format de CV vous permet de mettre en lumi\u00e8re les affaires notables, les r\u00e9alisations juridiques et les comp\u00e9tences cl\u00e9s. Sa mise en page professionnelle et facile \u00e0 lire assure que vos qualifications sont clairement communiqu\u00e9es aux responsables du recrutement et aux recruteurs dans le secteur juridique.<\/p>\n","protected":false},"excerpt":{"rendered":"<p>Parfait pour avocats professionnels droit, ce mod\u00e8le de CV  est enti\u00e8rement personnalisable et compatible ATS. T\u00e9l\u00e9chargez-le au format Word ou PDF pour mettre en avant vos comp\u00e9tences, votre exp\u00e9rience et votre formation.<\/p>\n","protected":false},"author":2,"featured_media":610,"menu_order":0,"template":"","format":"standard","meta":{"_acf_changed":false,"site-sidebar-layout":"default","site-content-layout":"","ast-site-content-layout":"default","site-content-style":"default","site-sidebar-style":"default","ast-global-header-display":"","ast-banner-title-visibility":"","ast-main-header-display":"","ast-hfb-above-header-display":"","ast-hfb-below-header-display":"","ast-hfb-mobile-header-display":"","site-post-title":"","ast-breadcrumbs-content":"","ast-featured-img":"","footer-sml-layout":"","ast-disable-related-posts":"","theme-transparent-header-meta":"","adv-header-id-meta":"","stick-header-meta":"","header-above-stick-meta":"","header-main-stick-meta":"","header-below-stick-meta":"","astra-migrate-meta-layouts":"set","ast-page-background-enabled":"default","ast-page-background-meta":{"desktop":{"background-color":"","background-image":"","background-repeat":"repeat","background-position":"center center","background-size":"auto","background-attachment":"scroll","background-type":"","background-media":"","overlay-type":"","overlay-color":"","overlay-opacity":"","overlay-gradient":""},"tablet":{"background-color":"","background-image":"","background-repeat":"repeat","background-position":"center center","background-size":"auto","background-attachment":"scroll","background-type":"","background-media":"","overlay-type":"","overlay-color":"","overlay-opacity":"","overlay-gradient":""},"mobile":{"background-color":"","background-image":"","background-repeat":"repeat","background-position":"center center","background-size":"auto","background-attachment":"scroll","background-type":"","background-media":"","overlay-type":"","overlay-color":"","overlay-opacity":"","overlay-gradient":""}},"ast-content-background-meta":{"desktop":{"background-color":"var(--ast-global-color-5)","background-image":"","background-repeat":"repeat","background-position":"center center","background-size":"auto","background-attachment":"scroll","background-type":"","background-media":"","overlay-type":"","overlay-color":"","overlay-opacity":"","overlay-gradient":""},"tablet":{"background-color":"var(--ast-global-color-5)","background-image":"","background-repeat":"repeat","background-position":"center center","background-size":"auto","background-attachment":"scroll","background-type":"","background-media":"","overlay-type":"","overlay-color":"","overlay-opacity":"","overlay-gradient":""},"mobile":{"background-color":"var(--ast-global-color-5)","background-image":"","background-repeat":"repeat","background-position":"center center","background-size":"auto","background-attachment":"scroll","background-type":"","background-media":"","overlay-type":"","overlay-color":"","overlay-opacity":"","overlay-gradient":""}},"footnotes":""},"categories":[],"tags":[26],"cv-type":[],"class_list":["post-608","cv_template","type-cv_template","status-publish","format-standard","has-post-thumbnail","hentry","tag-legal"],"acf":[],"_links":{"self":[{"href":"https:\/\/cv2go.no\/fr\/wp-json\/wp\/v2\/cv_template\/608","targetHints":{"allow":["GET"]}}],"collection":[{"href":"https:\/\/cv2go.no\/fr\/wp-json\/wp\/v2\/cv_template"}],"about":[{"href":"https:\/\/cv2go.no\/fr\/wp-json\/wp\/v2\/types\/cv_template"}],"author":[{"embeddable":true,"href":"https:\/\/cv2go.no\/fr\/wp-json\/wp\/v2\/users\/2"}],"version-history":[{"count":0,"href":"https:\/\/cv2go.no\/fr\/wp-json\/wp\/v2\/cv_template\/608\/revisions"}],"wp:featuredmedia":[{"embeddable":true,"href":"https:\/\/cv2go.no\/fr\/wp-json\/wp\/v2\/media\/610"}],"wp:attachment":[{"href":"https:\/\/cv2go.no\/fr\/wp-json\/wp\/v2\/media?parent=608"}],"wp:term":[{"taxonomy":"category","embeddable":true,"href":"https:\/\/cv2go.no\/fr\/wp-json\/wp\/v2\/categories?post=608"},{"taxonomy":"post_tag","embeddable":true,"href":"https:\/\/cv2go.no\/fr\/wp-json\/wp\/v2\/tags?post=608"},{"taxonomy":"cv-type","embeddable":true,"href":"https:\/\/cv2go.no\/fr\/wp-json\/wp\/v2\/cv-type?post=608"}],"curies":[{"name":"wp","href":"https:\/\/api.w.org\/{rel}","templated":true}]}}