{"id":602,"date":"2025-09-23T13:34:00","date_gmt":"2025-09-23T13:34:00","guid":{"rendered":"https:\/\/cv2go.no\/fr\/cv-template\/ats-office-manager-resume-template-for-administrative-professionals\/"},"modified":"2025-09-23T13:34:01","modified_gmt":"2025-09-23T13:34:01","slug":"modele-de-cv-pour-responsable-de-bureau-ats-pour-professionnels-administratifs","status":"publish","type":"cv_template","link":"https:\/\/cv2go.no\/fr\/cv-template\/modele-de-cv-pour-responsable-de-bureau-ats-pour-professionnels-administratifs\/","title":{"rendered":"Mod\u00e8le de CV pour Responsable Bureau Professionnels Administratifs \u2013 Compatible ATS"},"content":{"rendered":"\n<p>Le mod\u00e8le de CV pour Responsable de Bureau ATS est con\u00e7u pour les professionnels administratifs qui souhaitent un format propre et adapt\u00e9 aux ATS pour pr\u00e9senter leur expertise en gestion de bureau. Ce mod\u00e8le aide \u00e0 mettre en avant vos comp\u00e9tences organisationnelles, qualit\u00e9s de leadership et r\u00e9alisations en gestion de bureau dans une disposition structur\u00e9e facile \u00e0 lire tant pour les Syst\u00e8mes de Suivi des Candidatures (ATS) que pour les responsables de recrutement. Il est parfait pour les responsables de bureau, les coordinateurs administratifs et autres r\u00f4les impliquant l&rsquo;administration de bureau et le leadership.<\/p>\n\n\n\n<p>Avec des sections pour un r\u00e9sum\u00e9 professionnel, l&rsquo;historique de travail, les comp\u00e9tences en gestion de bureau et les certifications, ce mod\u00e8le de CV offre une image compl\u00e8te de vos capacit\u00e9s administratives. Le format \u00e9pur\u00e9 assure que les informations cl\u00e9s, telles que l&rsquo;exp\u00e9rience dans la gestion des op\u00e9rations de bureau, la coordination d&rsquo;\u00e9quipe et l&rsquo;am\u00e9lioration de l&rsquo;efficacit\u00e9, sont pr\u00e9sent\u00e9es de mani\u00e8re directe, permettant aux recruteurs de voir rapidement votre valeur. Son design compatible avec les ATS le rend id\u00e9al pour des candidatures dans diverses industries.<\/p>\n","protected":false},"excerpt":{"rendered":"<p>Parfait pour responsable bureau professionnels administratifs, ce mod\u00e8le de CV  est enti\u00e8rement personnalisable et compatible ATS. T\u00e9l\u00e9chargez-le au format Word ou PDF pour mettre en avant vos comp\u00e9tences, votre exp\u00e9rience et votre formation.<\/p>\n","protected":false},"author":2,"featured_media":604,"menu_order":0,"template":"","format":"standard","meta":{"_acf_changed":false,"site-sidebar-layout":"default","site-content-layout":"","ast-site-content-layout":"default","site-content-style":"default","site-sidebar-style":"default","ast-global-header-display":"","ast-banner-title-visibility":"","ast-main-header-display":"","ast-hfb-above-header-display":"","ast-hfb-below-header-display":"","ast-hfb-mobile-header-display":"","site-post-title":"","ast-breadcrumbs-content":"","ast-featured-img":"","footer-sml-layout":"","ast-disable-related-posts":"","theme-transparent-header-meta":"","adv-header-id-meta":"","stick-header-meta":"","header-above-stick-meta":"","header-main-stick-meta":"","header-below-stick-meta":"","astra-migrate-meta-layouts":"set","ast-page-background-enabled":"default","ast-page-background-meta":{"desktop":{"background-color":"","background-image":"","background-repeat":"repeat","background-position":"center center","background-size":"auto","background-attachment":"scroll","background-type":"","background-media":"","overlay-type":"","overlay-color":"","overlay-opacity":"","overlay-gradient":""},"tablet":{"background-color":"","background-image":"","background-repeat":"repeat","background-position":"center center","background-size":"auto","background-attachment":"scroll","background-type":"","background-media":"","overlay-type":"","overlay-color":"","overlay-opacity":"","overlay-gradient":""},"mobile":{"background-color":"","background-image":"","background-repeat":"repeat","background-position":"center center","background-size":"auto","background-attachment":"scroll","background-type":"","background-media":"","overlay-type":"","overlay-color":"","overlay-opacity":"","overlay-gradient":""}},"ast-content-background-meta":{"desktop":{"background-color":"var(--ast-global-color-5)","background-image":"","background-repeat":"repeat","background-position":"center center","background-size":"auto","background-attachment":"scroll","background-type":"","background-media":"","overlay-type":"","overlay-color":"","overlay-opacity":"","overlay-gradient":""},"tablet":{"background-color":"var(--ast-global-color-5)","background-image":"","background-repeat":"repeat","background-position":"center center","background-size":"auto","background-attachment":"scroll","background-type":"","background-media":"","overlay-type":"","overlay-color":"","overlay-opacity":"","overlay-gradient":""},"mobile":{"background-color":"var(--ast-global-color-5)","background-image":"","background-repeat":"repeat","background-position":"center center","background-size":"auto","background-attachment":"scroll","background-type":"","background-media":"","overlay-type":"","overlay-color":"","overlay-opacity":"","overlay-gradient":""}},"footnotes":""},"categories":[],"tags":[14],"cv-type":[],"class_list":["post-602","cv_template","type-cv_template","status-publish","format-standard","has-post-thumbnail","hentry","tag-ats-optimized"],"acf":[],"_links":{"self":[{"href":"https:\/\/cv2go.no\/fr\/wp-json\/wp\/v2\/cv_template\/602","targetHints":{"allow":["GET"]}}],"collection":[{"href":"https:\/\/cv2go.no\/fr\/wp-json\/wp\/v2\/cv_template"}],"about":[{"href":"https:\/\/cv2go.no\/fr\/wp-json\/wp\/v2\/types\/cv_template"}],"author":[{"embeddable":true,"href":"https:\/\/cv2go.no\/fr\/wp-json\/wp\/v2\/users\/2"}],"version-history":[{"count":0,"href":"https:\/\/cv2go.no\/fr\/wp-json\/wp\/v2\/cv_template\/602\/revisions"}],"wp:featuredmedia":[{"embeddable":true,"href":"https:\/\/cv2go.no\/fr\/wp-json\/wp\/v2\/media\/604"}],"wp:attachment":[{"href":"https:\/\/cv2go.no\/fr\/wp-json\/wp\/v2\/media?parent=602"}],"wp:term":[{"taxonomy":"category","embeddable":true,"href":"https:\/\/cv2go.no\/fr\/wp-json\/wp\/v2\/categories?post=602"},{"taxonomy":"post_tag","embeddable":true,"href":"https:\/\/cv2go.no\/fr\/wp-json\/wp\/v2\/tags?post=602"},{"taxonomy":"cv-type","embeddable":true,"href":"https:\/\/cv2go.no\/fr\/wp-json\/wp\/v2\/cv-type?post=602"}],"curies":[{"name":"wp","href":"https:\/\/api.w.org\/{rel}","templated":true}]}}