{"id":518,"date":"2025-09-23T13:45:14","date_gmt":"2025-09-23T13:45:14","guid":{"rendered":"https:\/\/cv2go.no\/fr\/cv-template\/social-media-marketing-resume-template-for-creative-professionals\/"},"modified":"2025-09-23T13:45:15","modified_gmt":"2025-09-23T13:45:15","slug":"modele-de-cv-pour-le-marketing-des-reseaux-sociaux-pour-les-professionnels-creatifs","status":"publish","type":"cv_template","link":"https:\/\/cv2go.no\/fr\/cv-template\/modele-de-cv-pour-le-marketing-des-reseaux-sociaux-pour-les-professionnels-creatifs\/","title":{"rendered":"Mod\u00e8le de CV pour Marketing Reseaux Sociaux Professionnels Creatifs \u2013 Compatible ATS"},"content":{"rendered":"\n<p>Le mod\u00e8le de CV pour le Marketing des R\u00e9seaux Sociaux est id\u00e9al pour les professionnels cr\u00e9atifs cherchant \u00e0 se d\u00e9marquer dans le domaine du marketing digital. Con\u00e7u pour mettre en avant votre expertise dans la gestion des plateformes sociales, la cr\u00e9ation de contenu engageant et la r\u00e9ussite de campagnes, ce mod\u00e8le est parfait pour les community managers, cr\u00e9ateurs de contenu et strat\u00e8ges en marketing. Sa mise en page propre et visuellement attrayante vous permet de pr\u00e9senter vos comp\u00e9tences en marketing digital d\u2019une mani\u00e8re percutante pour les recruteurs.<\/p>\n\n\n\n<p>Ce mod\u00e8le comprend des sections pour un r\u00e9sum\u00e9 professionnel, des comp\u00e9tences en marketing digital, l&rsquo;exp\u00e9rience professionnelle, les certifications et des campagnes notables, offrant une vue compl\u00e8te de vos capacit\u00e9s. L\u2019accent mis sur le succ\u00e8s des campagnes et les m\u00e9triques garantit que vos r\u00e9alisations sont efficacement mises en lumi\u00e8re. Que vous postuliez pour un poste en marketing interne, dans une agence ou pour des missions en freelance, ce CV vous aide \u00e0 communiquer votre valeur et votre cr\u00e9ativit\u00e9 avec confiance.<\/p>\n","protected":false},"excerpt":{"rendered":"<p>Parfait pour marketing reseaux sociaux professionnels creatifs, ce mod\u00e8le de CV  est enti\u00e8rement personnalisable et compatible ATS. T\u00e9l\u00e9chargez-le au format Word ou PDF pour mettre en avant vos comp\u00e9tences, votre exp\u00e9rience et votre formation.<\/p>\n","protected":false},"author":2,"featured_media":520,"menu_order":0,"template":"","format":"standard","meta":{"_acf_changed":false,"site-sidebar-layout":"default","site-content-layout":"","ast-site-content-layout":"default","site-content-style":"default","site-sidebar-style":"default","ast-global-header-display":"","ast-banner-title-visibility":"","ast-main-header-display":"","ast-hfb-above-header-display":"","ast-hfb-below-header-display":"","ast-hfb-mobile-header-display":"","site-post-title":"","ast-breadcrumbs-content":"","ast-featured-img":"","footer-sml-layout":"","ast-disable-related-posts":"","theme-transparent-header-meta":"","adv-header-id-meta":"","stick-header-meta":"","header-above-stick-meta":"","header-main-stick-meta":"","header-below-stick-meta":"","astra-migrate-meta-layouts":"set","ast-page-background-enabled":"default","ast-page-background-meta":{"desktop":{"background-color":"","background-image":"","background-repeat":"repeat","background-position":"center center","background-size":"auto","background-attachment":"scroll","background-type":"","background-media":"","overlay-type":"","overlay-color":"","overlay-opacity":"","overlay-gradient":""},"tablet":{"background-color":"","background-image":"","background-repeat":"repeat","background-position":"center center","background-size":"auto","background-attachment":"scroll","background-type":"","background-media":"","overlay-type":"","overlay-color":"","overlay-opacity":"","overlay-gradient":""},"mobile":{"background-color":"","background-image":"","background-repeat":"repeat","background-position":"center center","background-size":"auto","background-attachment":"scroll","background-type":"","background-media":"","overlay-type":"","overlay-color":"","overlay-opacity":"","overlay-gradient":""}},"ast-content-background-meta":{"desktop":{"background-color":"var(--ast-global-color-5)","background-image":"","background-repeat":"repeat","background-position":"center center","background-size":"auto","background-attachment":"scroll","background-type":"","background-media":"","overlay-type":"","overlay-color":"","overlay-opacity":"","overlay-gradient":""},"tablet":{"background-color":"var(--ast-global-color-5)","background-image":"","background-repeat":"repeat","background-position":"center center","background-size":"auto","background-attachment":"scroll","background-type":"","background-media":"","overlay-type":"","overlay-color":"","overlay-opacity":"","overlay-gradient":""},"mobile":{"background-color":"var(--ast-global-color-5)","background-image":"","background-repeat":"repeat","background-position":"center center","background-size":"auto","background-attachment":"scroll","background-type":"","background-media":"","overlay-type":"","overlay-color":"","overlay-opacity":"","overlay-gradient":""}},"footnotes":""},"categories":[],"tags":[28],"cv-type":[],"class_list":["post-518","cv_template","type-cv_template","status-publish","format-standard","has-post-thumbnail","hentry","tag-marketing"],"acf":[],"_links":{"self":[{"href":"https:\/\/cv2go.no\/fr\/wp-json\/wp\/v2\/cv_template\/518","targetHints":{"allow":["GET"]}}],"collection":[{"href":"https:\/\/cv2go.no\/fr\/wp-json\/wp\/v2\/cv_template"}],"about":[{"href":"https:\/\/cv2go.no\/fr\/wp-json\/wp\/v2\/types\/cv_template"}],"author":[{"embeddable":true,"href":"https:\/\/cv2go.no\/fr\/wp-json\/wp\/v2\/users\/2"}],"version-history":[{"count":0,"href":"https:\/\/cv2go.no\/fr\/wp-json\/wp\/v2\/cv_template\/518\/revisions"}],"wp:featuredmedia":[{"embeddable":true,"href":"https:\/\/cv2go.no\/fr\/wp-json\/wp\/v2\/media\/520"}],"wp:attachment":[{"href":"https:\/\/cv2go.no\/fr\/wp-json\/wp\/v2\/media?parent=518"}],"wp:term":[{"taxonomy":"category","embeddable":true,"href":"https:\/\/cv2go.no\/fr\/wp-json\/wp\/v2\/categories?post=518"},{"taxonomy":"post_tag","embeddable":true,"href":"https:\/\/cv2go.no\/fr\/wp-json\/wp\/v2\/tags?post=518"},{"taxonomy":"cv-type","embeddable":true,"href":"https:\/\/cv2go.no\/fr\/wp-json\/wp\/v2\/cv-type?post=518"}],"curies":[{"name":"wp","href":"https:\/\/api.w.org\/{rel}","templated":true}]}}